{"id":10190,"date":"2023-05-19T12:09:42","date_gmt":"2023-05-19T12:09:42","guid":{"rendered":"https:\/\/www.urbamed.net\/?post_type=elemenfolio&#038;p=10190"},"modified":"2025-03-06T11:03:31","modified_gmt":"2025-03-06T11:03:31","slug":"nuevo-centro-de-dia-para-mayores-en-el-barrio-del-cabanyal","status":"publish","type":"elemenfolio","link":"https:\/\/www.urbamed.net\/en\/portfolio\/nuevo-centro-de-dia-para-mayores-en-el-barrio-del-cabanyal\/","title":{"rendered":"Nuevo centro de d\u00eda para mayores en el Barrio del Cabanyal"},"content":{"rendered":"<div data-elementor-type=\"wp-post\" data-elementor-id=\"10190\" class=\"elementor elementor-10190\">\n\t\t\t\t\t\t<section class=\"elementor-section elementor-top-section elementor-element elementor-element-1eaa7ff3 elementor-section-boxed elementor-section-height-default elementor-section-height-default wpr-particle-no wpr-jarallax-no wpr-parallax-no wpr-sticky-section-no qodef-elementor-content-no\" data-id=\"1eaa7ff3\" data-element_type=\"section\">\n\t\t\t\t\t\t<div class=\"elementor-container elementor-column-gap-default\">\n\t\t\t\t\t<div class=\"elementor-column elementor-col-100 elementor-top-column elementor-element elementor-element-311ae62e\" data-id=\"311ae62e\" data-element_type=\"column\">\n\t\t\t<div class=\"elementor-widget-wrap elementor-element-populated\">\n\t\t\t\t\t\t<div class=\"elementor-element elementor-element-55a9bbf6 elementor-widget elementor-widget-brok_core_section_title\" data-id=\"55a9bbf6\" data-element_type=\"widget\" data-widget_type=\"brok_core_section_title.default\">\n\t\t\t\t<div class=\"elementor-widget-container\">\n\t\t\t\t\t<div class=\"qodef-shortcode qodef-m  qodef-section-title qodef-alignment--left\">\n\t\t<h2 class=\"qodef-m-title\" >\n\t\t\t\t\tNuevo centro de d\u00eda para mayores en el Barrio del Cabanyal\t\t\t<\/h2>\n\t<\/div>\n\t\t\t\t<\/div>\n\t\t\t\t<\/div>\n\t\t\t\t<div class=\"elementor-element elementor-element-33039f16 elementor-widget-divider--view-line elementor-widget elementor-widget-divider\" data-id=\"33039f16\" data-element_type=\"widget\" data-widget_type=\"divider.default\">\n\t\t\t\t<div class=\"elementor-widget-container\">\n\t\t\t\t\t\t\t<div class=\"elementor-divider\">\n\t\t\t<span class=\"elementor-divider-separator\">\n\t\t\t\t\t\t<\/span>\n\t\t<\/div>\n\t\t\t\t\t\t<\/div>\n\t\t\t\t<\/div>\n\t\t\t\t\t<\/div>\n\t\t<\/div>\n\t\t\t\t\t<\/div>\n\t\t<\/section>\n\t\t\t\t<section class=\"elementor-section elementor-top-section elementor-element elementor-element-bf27e82 elementor-section-boxed elementor-section-height-default elementor-section-height-default wpr-particle-no wpr-jarallax-no wpr-parallax-no wpr-sticky-section-no qodef-elementor-content-no\" data-id=\"bf27e82\" data-element_type=\"section\">\n\t\t\t\t\t\t<div class=\"elementor-container elementor-column-gap-default\">\n\t\t\t\t\t<div class=\"elementor-column elementor-col-100 elementor-top-column elementor-element elementor-element-bcdd44e\" data-id=\"bcdd44e\" data-element_type=\"column\">\n\t\t\t<div class=\"elementor-widget-wrap elementor-element-populated\">\n\t\t\t\t\t\t<div class=\"elementor-element elementor-element-d8b331b elementor-widget elementor-widget-image\" data-id=\"d8b331b\" data-element_type=\"widget\" data-widget_type=\"image.default\">\n\t\t\t\t<div class=\"elementor-widget-container\">\n\t\t\t\t\t\t\t\t\t\t\t\t\t\t\t<img fetchpriority=\"high\" decoding=\"async\" width=\"1024\" height=\"768\" src=\"https:\/\/www.urbamed.net\/wp-content\/uploads\/2023\/07\/1-1024x768.jpg\" class=\"attachment-large size-large wp-image-11549\" alt=\"Centro de D\u00eda del Caba\u00f1al\" srcset=\"https:\/\/www.urbamed.net\/wp-content\/uploads\/2023\/07\/1-1024x768.jpg 1024w, https:\/\/www.urbamed.net\/wp-content\/uploads\/2023\/07\/1-300x225.jpg 300w, https:\/\/www.urbamed.net\/wp-content\/uploads\/2023\/07\/1-768x576.jpg 768w, https:\/\/www.urbamed.net\/wp-content\/uploads\/2023\/07\/1-1536x1152.jpg 1536w, https:\/\/www.urbamed.net\/wp-content\/uploads\/2023\/07\/1-2048x1536.jpg 2048w\" sizes=\"(max-width: 1024px) 100vw, 1024px\" \/>\t\t\t\t\t\t\t\t\t\t\t\t\t\t\t<\/div>\n\t\t\t\t<\/div>\n\t\t\t\t\t<\/div>\n\t\t<\/div>\n\t\t\t\t\t<\/div>\n\t\t<\/section>\n\t\t\t\t<section class=\"elementor-section elementor-top-section elementor-element elementor-element-69adbe0f elementor-section-boxed elementor-section-height-default elementor-section-height-default wpr-particle-no wpr-jarallax-no wpr-parallax-no wpr-sticky-section-no qodef-elementor-content-no\" data-id=\"69adbe0f\" data-element_type=\"section\">\n\t\t\t\t\t\t<div class=\"elementor-container elementor-column-gap-default\">\n\t\t\t\t\t<div class=\"elementor-column elementor-col-100 elementor-top-column elementor-element elementor-element-20fe3a88\" data-id=\"20fe3a88\" data-element_type=\"column\">\n\t\t\t<div class=\"elementor-widget-wrap elementor-element-populated\">\n\t\t\t\t\t\t<div class=\"elementor-element elementor-element-1cbf27ca elementor-widget elementor-widget-heading\" data-id=\"1cbf27ca\" data-element_type=\"widget\" data-widget_type=\"heading.default\">\n\t\t\t\t<div class=\"elementor-widget-container\">\n\t\t\t\t\t<h2 class=\"elementor-heading-title elementor-size-default\">DESCRIPTION<\/h2>\t\t\t\t<\/div>\n\t\t\t\t<\/div>\n\t\t\t\t<div class=\"elementor-element elementor-element-70fcc9a0 elementor-widget-divider--view-line elementor-widget elementor-widget-divider\" data-id=\"70fcc9a0\" data-element_type=\"widget\" data-widget_type=\"divider.default\">\n\t\t\t\t<div class=\"elementor-widget-container\">\n\t\t\t\t\t\t\t<div class=\"elementor-divider\">\n\t\t\t<span class=\"elementor-divider-separator\">\n\t\t\t\t\t\t<\/span>\n\t\t<\/div>\n\t\t\t\t\t\t<\/div>\n\t\t\t\t<\/div>\n\t\t\t\t<div class=\"elementor-element elementor-element-56eaab7c elementor-widget elementor-widget-text-editor\" data-id=\"56eaab7c\" data-element_type=\"widget\" data-widget_type=\"text-editor.default\">\n\t\t\t\t<div class=\"elementor-widget-container\">\n\t\t\t\t\t\t\t\t\t<p>El nuevo Centro de d\u00eda para mayores\u00a0 se ubicar\u00e1 junto a la estaci\u00f3n y a la futura zona verde del barrio y tendr\u00e1 una capacidad de 60 plazas y 1.062 de metros cuadrados. Contar\u00e1 con dos alturas y cuatro \u00e1reas diferentes: acceso y administraci\u00f3n, salas principales, comedor y ba\u00f1os geri\u00e1tricos.<\/p><p>Se trata de un proyecto cofinanciado por el Fondo Europeo de Desarrollo Regional FEDER en el marco del programa operativo pluriregional de Espa\u00f1a 2014-2020. Y se encuentra dentro de la Estrategia de Desarrollo Urbano Sostenible e Integrado del Barrio Cabanyal-Canyamelar-Cap de Fran\u00e7a.<\/p>\t\t\t\t\t\t\t\t<\/div>\n\t\t\t\t<\/div>\n\t\t\t\t<div class=\"elementor-element elementor-element-19c345f elementor-widget elementor-widget-heading\" data-id=\"19c345f\" data-element_type=\"widget\" data-widget_type=\"heading.default\">\n\t\t\t\t<div class=\"elementor-widget-container\">\n\t\t\t\t\t<h2 class=\"elementor-heading-title elementor-size-default\">GALER\u00cdA<\/h2>\t\t\t\t<\/div>\n\t\t\t\t<\/div>\n\t\t\t\t<div class=\"elementor-element elementor-element-15793b7 elementor-widget-divider--view-line elementor-widget elementor-widget-divider\" data-id=\"15793b7\" data-element_type=\"widget\" data-widget_type=\"divider.default\">\n\t\t\t\t<div class=\"elementor-widget-container\">\n\t\t\t\t\t\t\t<div class=\"elementor-divider\">\n\t\t\t<span class=\"elementor-divider-separator\">\n\t\t\t\t\t\t<\/span>\n\t\t<\/div>\n\t\t\t\t\t\t<\/div>\n\t\t\t\t<\/div>\n\t\t\t\t<div class=\"elementor-element elementor-element-5e6713d elementor-widget elementor-widget-qi_addons_for_elementor_image_slider\" data-id=\"5e6713d\" data-element_type=\"widget\" data-widget_type=\"qi_addons_for_elementor_image_slider.default\">\n\t\t\t\t<div class=\"elementor-widget-container\">\n\t\t\t\t\t<div class=\"qodef-shortcode qodef-m qodef-qi-image-slider qodef-qi-fslightbox-popup qodef-popup-gallery qodef-col-num--3 qodef-qi-grid qodef-qi-swiper-container qodef-navigation--inside qodef-pagination--inside qodef-navigation--hover-move\" data-options=\"{&quot;direction&quot;:&quot;horizontal&quot;,&quot;slidesPerView&quot;:&quot;3&quot;,&quot;spaceBetween&quot;:30,&quot;spaceBetweenTablet&quot;:30,&quot;spaceBetweenMobile&quot;:30,&quot;effect&quot;:&quot;&quot;,&quot;loop&quot;:true,&quot;autoplay&quot;:true,&quot;centeredSlides&quot;:false,&quot;speed&quot;:&quot;&quot;,&quot;speedAnimation&quot;:&quot;&quot;,&quot;outsideNavigation&quot;:&quot;no&quot;,&quot;outsidePagination&quot;:&quot;no&quot;,&quot;unique&quot;:272,&quot;partialValue&quot;:0,&quot;disablePartialValue&quot;:&quot;&quot;,&quot;parallax&quot;:&quot;no&quot;}\">\n\t<div class=\"swiper-wrapper\">\n\t\t<div class=\"qodef-e swiper-slide\">\n\t<div class=\"qodef-e-inner\">\n\t\t<div class=\"qodef-e-inner-holder\">\n\t\t\t\t\t\t\t<a class=\"qodef-popup-item\" itemprop=\"image\" href=\"https:\/\/www.urbamed.net\/wp-content\/uploads\/2023\/05\/1.png\" data-type=\"image\" data-fslightbox=\"gallery-272\" data-e-disable-page-transition=\"\u201dtrue\u201d\">\n\t\t\t\t\t\t\t<img decoding=\"async\" width=\"1080\" height=\"566\" src=\"https:\/\/www.urbamed.net\/wp-content\/uploads\/2023\/05\/1.png\" class=\"attachment-full size-full\" alt=\"Centro de D\u00eda para Mayores Cabanyal\" srcset=\"https:\/\/www.urbamed.net\/wp-content\/uploads\/2023\/05\/1.png 1080w, https:\/\/www.urbamed.net\/wp-content\/uploads\/2023\/05\/1-300x157.png 300w, https:\/\/www.urbamed.net\/wp-content\/uploads\/2023\/05\/1-1024x537.png 1024w, https:\/\/www.urbamed.net\/wp-content\/uploads\/2023\/05\/1-768x402.png 768w, https:\/\/www.urbamed.net\/wp-content\/uploads\/2023\/05\/1-18x9.png 18w\" sizes=\"(max-width: 1080px) 100vw, 1080px\" \/>\t\t\t\t\t\t\t<\/a>\n\t\t\t\t\t<\/div>\n\t<\/div>\n\t<\/div>\n<div class=\"qodef-e swiper-slide\">\n\t<div class=\"qodef-e-inner\">\n\t\t<div class=\"qodef-e-inner-holder\">\n\t\t\t\t\t\t\t<a class=\"qodef-popup-item\" itemprop=\"image\" href=\"https:\/\/www.urbamed.net\/wp-content\/uploads\/2023\/05\/2.png\" data-type=\"image\" data-fslightbox=\"gallery-272\" data-e-disable-page-transition=\"\u201dtrue\u201d\">\n\t\t\t\t\t\t\t<img decoding=\"async\" width=\"1080\" height=\"566\" src=\"https:\/\/www.urbamed.net\/wp-content\/uploads\/2023\/05\/2.png\" class=\"attachment-full size-full\" alt=\"Centro de D\u00eda para Mayores Cabanyal\" srcset=\"https:\/\/www.urbamed.net\/wp-content\/uploads\/2023\/05\/2.png 1080w, https:\/\/www.urbamed.net\/wp-content\/uploads\/2023\/05\/2-300x157.png 300w, https:\/\/www.urbamed.net\/wp-content\/uploads\/2023\/05\/2-1024x537.png 1024w, https:\/\/www.urbamed.net\/wp-content\/uploads\/2023\/05\/2-768x402.png 768w, https:\/\/www.urbamed.net\/wp-content\/uploads\/2023\/05\/2-18x9.png 18w\" sizes=\"(max-width: 1080px) 100vw, 1080px\" \/>\t\t\t\t\t\t\t<\/a>\n\t\t\t\t\t<\/div>\n\t<\/div>\n\t<\/div>\n<div class=\"qodef-e swiper-slide\">\n\t<div class=\"qodef-e-inner\">\n\t\t<div class=\"qodef-e-inner-holder\">\n\t\t\t\t\t\t\t<a class=\"qodef-popup-item\" itemprop=\"image\" href=\"https:\/\/www.urbamed.net\/wp-content\/uploads\/2023\/05\/IMG_0156-scaled.jpg\" data-type=\"image\" data-fslightbox=\"gallery-272\" data-e-disable-page-transition=\"\u201dtrue\u201d\">\n\t\t\t\t\t\t\t<img loading=\"lazy\" decoding=\"async\" width=\"2560\" height=\"1707\" src=\"https:\/\/www.urbamed.net\/wp-content\/uploads\/2023\/05\/IMG_0156-scaled.jpg\" class=\"attachment-full size-full\" alt=\"Centro de D\u00eda para Mayores Cabanyal\" srcset=\"https:\/\/www.urbamed.net\/wp-content\/uploads\/2023\/05\/IMG_0156-scaled.jpg 2560w, https:\/\/www.urbamed.net\/wp-content\/uploads\/2023\/05\/IMG_0156-300x200.jpg 300w, https:\/\/www.urbamed.net\/wp-content\/uploads\/2023\/05\/IMG_0156-1024x683.jpg 1024w, https:\/\/www.urbamed.net\/wp-content\/uploads\/2023\/05\/IMG_0156-768x512.jpg 768w, https:\/\/www.urbamed.net\/wp-content\/uploads\/2023\/05\/IMG_0156-1536x1024.jpg 1536w, https:\/\/www.urbamed.net\/wp-content\/uploads\/2023\/05\/IMG_0156-2048x1365.jpg 2048w, https:\/\/www.urbamed.net\/wp-content\/uploads\/2023\/05\/IMG_0156-18x12.jpg 18w\" sizes=\"(max-width: 2560px) 100vw, 2560px\" \/>\t\t\t\t\t\t\t<\/a>\n\t\t\t\t\t<\/div>\n\t<\/div>\n\t<\/div>\n<div class=\"qodef-e swiper-slide\">\n\t<div class=\"qodef-e-inner\">\n\t\t<div class=\"qodef-e-inner-holder\">\n\t\t\t\t\t\t\t<a class=\"qodef-popup-item\" itemprop=\"image\" href=\"https:\/\/www.urbamed.net\/wp-content\/uploads\/2025\/03\/WhatsApp-Image-2025-02-24-at-10.53.57-4.jpeg\" data-type=\"image\" data-fslightbox=\"gallery-272\" data-e-disable-page-transition=\"\u201dtrue\u201d\">\n\t\t\t\t\t\t\t<img loading=\"lazy\" decoding=\"async\" width=\"1200\" height=\"1600\" src=\"https:\/\/www.urbamed.net\/wp-content\/uploads\/2025\/03\/WhatsApp-Image-2025-02-24-at-10.53.57-4.jpeg\" class=\"attachment-full size-full\" alt=\"Evoluci\u00f3n Centro de D\u00eda del Cabanyal\" srcset=\"https:\/\/www.urbamed.net\/wp-content\/uploads\/2025\/03\/WhatsApp-Image-2025-02-24-at-10.53.57-4.jpeg 1200w, https:\/\/www.urbamed.net\/wp-content\/uploads\/2025\/03\/WhatsApp-Image-2025-02-24-at-10.53.57-4-225x300.jpeg 225w, https:\/\/www.urbamed.net\/wp-content\/uploads\/2025\/03\/WhatsApp-Image-2025-02-24-at-10.53.57-4-768x1024.jpeg 768w, https:\/\/www.urbamed.net\/wp-content\/uploads\/2025\/03\/WhatsApp-Image-2025-02-24-at-10.53.57-4-1152x1536.jpeg 1152w, https:\/\/www.urbamed.net\/wp-content\/uploads\/2025\/03\/WhatsApp-Image-2025-02-24-at-10.53.57-4-9x12.jpeg 9w\" sizes=\"(max-width: 1200px) 100vw, 1200px\" \/>\t\t\t\t\t\t\t<\/a>\n\t\t\t\t\t<\/div>\n\t<\/div>\n\t<\/div>\n<div class=\"qodef-e swiper-slide\">\n\t<div class=\"qodef-e-inner\">\n\t\t<div class=\"qodef-e-inner-holder\">\n\t\t\t\t\t\t\t<a class=\"qodef-popup-item\" itemprop=\"image\" href=\"https:\/\/www.urbamed.net\/wp-content\/uploads\/2025\/03\/WhatsApp-Image-2025-02-24-at-10.53.57-6.jpeg\" data-type=\"image\" data-fslightbox=\"gallery-272\" data-e-disable-page-transition=\"\u201dtrue\u201d\">\n\t\t\t\t\t\t\t<img loading=\"lazy\" decoding=\"async\" width=\"1200\" height=\"1600\" src=\"https:\/\/www.urbamed.net\/wp-content\/uploads\/2025\/03\/WhatsApp-Image-2025-02-24-at-10.53.57-6.jpeg\" class=\"attachment-full size-full\" alt=\"Evoluci\u00f3n Centro de D\u00eda del Cabanyal\" srcset=\"https:\/\/www.urbamed.net\/wp-content\/uploads\/2025\/03\/WhatsApp-Image-2025-02-24-at-10.53.57-6.jpeg 1200w, https:\/\/www.urbamed.net\/wp-content\/uploads\/2025\/03\/WhatsApp-Image-2025-02-24-at-10.53.57-6-225x300.jpeg 225w, https:\/\/www.urbamed.net\/wp-content\/uploads\/2025\/03\/WhatsApp-Image-2025-02-24-at-10.53.57-6-768x1024.jpeg 768w, https:\/\/www.urbamed.net\/wp-content\/uploads\/2025\/03\/WhatsApp-Image-2025-02-24-at-10.53.57-6-1152x1536.jpeg 1152w, https:\/\/www.urbamed.net\/wp-content\/uploads\/2025\/03\/WhatsApp-Image-2025-02-24-at-10.53.57-6-9x12.jpeg 9w\" sizes=\"(max-width: 1200px) 100vw, 1200px\" \/>\t\t\t\t\t\t\t<\/a>\n\t\t\t\t\t<\/div>\n\t<\/div>\n\t<\/div>\n<div class=\"qodef-e swiper-slide\">\n\t<div class=\"qodef-e-inner\">\n\t\t<div class=\"qodef-e-inner-holder\">\n\t\t\t\t\t\t\t<a class=\"qodef-popup-item\" itemprop=\"image\" href=\"https:\/\/www.urbamed.net\/wp-content\/uploads\/2025\/03\/WhatsApp-Image-2025-02-24-at-10.53.57-7.jpeg\" data-type=\"image\" data-fslightbox=\"gallery-272\" data-e-disable-page-transition=\"\u201dtrue\u201d\">\n\t\t\t\t\t\t\t<img loading=\"lazy\" decoding=\"async\" width=\"1600\" height=\"1200\" src=\"https:\/\/www.urbamed.net\/wp-content\/uploads\/2025\/03\/WhatsApp-Image-2025-02-24-at-10.53.57-7.jpeg\" class=\"attachment-full size-full\" alt=\"Evoluci\u00f3n Centro de D\u00eda del Cabanyal\" srcset=\"https:\/\/www.urbamed.net\/wp-content\/uploads\/2025\/03\/WhatsApp-Image-2025-02-24-at-10.53.57-7.jpeg 1600w, https:\/\/www.urbamed.net\/wp-content\/uploads\/2025\/03\/WhatsApp-Image-2025-02-24-at-10.53.57-7-300x225.jpeg 300w, https:\/\/www.urbamed.net\/wp-content\/uploads\/2025\/03\/WhatsApp-Image-2025-02-24-at-10.53.57-7-1024x768.jpeg 1024w, https:\/\/www.urbamed.net\/wp-content\/uploads\/2025\/03\/WhatsApp-Image-2025-02-24-at-10.53.57-7-768x576.jpeg 768w, https:\/\/www.urbamed.net\/wp-content\/uploads\/2025\/03\/WhatsApp-Image-2025-02-24-at-10.53.57-7-1536x1152.jpeg 1536w, https:\/\/www.urbamed.net\/wp-content\/uploads\/2025\/03\/WhatsApp-Image-2025-02-24-at-10.53.57-7-16x12.jpeg 16w\" sizes=\"(max-width: 1600px) 100vw, 1600px\" \/>\t\t\t\t\t\t\t<\/a>\n\t\t\t\t\t<\/div>\n\t<\/div>\n\t<\/div>\n<div class=\"qodef-e swiper-slide\">\n\t<div class=\"qodef-e-inner\">\n\t\t<div class=\"qodef-e-inner-holder\">\n\t\t\t\t\t\t\t<a class=\"qodef-popup-item\" itemprop=\"image\" href=\"https:\/\/www.urbamed.net\/wp-content\/uploads\/2025\/03\/WhatsApp-Image-2025-02-24-at-10.53.57.jpeg\" data-type=\"image\" data-fslightbox=\"gallery-272\" data-e-disable-page-transition=\"\u201dtrue\u201d\">\n\t\t\t\t\t\t\t<img loading=\"lazy\" decoding=\"async\" width=\"1200\" height=\"1600\" src=\"https:\/\/www.urbamed.net\/wp-content\/uploads\/2025\/03\/WhatsApp-Image-2025-02-24-at-10.53.57.jpeg\" class=\"attachment-full size-full\" alt=\"Evoluci\u00f3n Centro de D\u00eda del Cabanyal\" srcset=\"https:\/\/www.urbamed.net\/wp-content\/uploads\/2025\/03\/WhatsApp-Image-2025-02-24-at-10.53.57.jpeg 1200w, https:\/\/www.urbamed.net\/wp-content\/uploads\/2025\/03\/WhatsApp-Image-2025-02-24-at-10.53.57-225x300.jpeg 225w, https:\/\/www.urbamed.net\/wp-content\/uploads\/2025\/03\/WhatsApp-Image-2025-02-24-at-10.53.57-768x1024.jpeg 768w, https:\/\/www.urbamed.net\/wp-content\/uploads\/2025\/03\/WhatsApp-Image-2025-02-24-at-10.53.57-1152x1536.jpeg 1152w, https:\/\/www.urbamed.net\/wp-content\/uploads\/2025\/03\/WhatsApp-Image-2025-02-24-at-10.53.57-9x12.jpeg 9w\" sizes=\"(max-width: 1200px) 100vw, 1200px\" \/>\t\t\t\t\t\t\t<\/a>\n\t\t\t\t\t<\/div>\n\t<\/div>\n\t<\/div>\n<div class=\"qodef-e swiper-slide\">\n\t<div class=\"qodef-e-inner\">\n\t\t<div class=\"qodef-e-inner-holder\">\n\t\t\t\t\t\t\t<a class=\"qodef-popup-item\" itemprop=\"image\" href=\"https:\/\/www.urbamed.net\/wp-content\/uploads\/2025\/03\/WhatsApp-Image-2025-02-24-at-11.00.57.jpeg\" data-type=\"image\" data-fslightbox=\"gallery-272\" data-e-disable-page-transition=\"\u201dtrue\u201d\">\n\t\t\t\t\t\t\t<img loading=\"lazy\" decoding=\"async\" width=\"1600\" height=\"1200\" src=\"https:\/\/www.urbamed.net\/wp-content\/uploads\/2025\/03\/WhatsApp-Image-2025-02-24-at-11.00.57.jpeg\" class=\"attachment-full size-full\" alt=\"Evoluci\u00f3n Centro de D\u00eda del Cabanyal\" srcset=\"https:\/\/www.urbamed.net\/wp-content\/uploads\/2025\/03\/WhatsApp-Image-2025-02-24-at-11.00.57.jpeg 1600w, https:\/\/www.urbamed.net\/wp-content\/uploads\/2025\/03\/WhatsApp-Image-2025-02-24-at-11.00.57-300x225.jpeg 300w, https:\/\/www.urbamed.net\/wp-content\/uploads\/2025\/03\/WhatsApp-Image-2025-02-24-at-11.00.57-1024x768.jpeg 1024w, https:\/\/www.urbamed.net\/wp-content\/uploads\/2025\/03\/WhatsApp-Image-2025-02-24-at-11.00.57-768x576.jpeg 768w, https:\/\/www.urbamed.net\/wp-content\/uploads\/2025\/03\/WhatsApp-Image-2025-02-24-at-11.00.57-1536x1152.jpeg 1536w, https:\/\/www.urbamed.net\/wp-content\/uploads\/2025\/03\/WhatsApp-Image-2025-02-24-at-11.00.57-16x12.jpeg 16w\" sizes=\"(max-width: 1600px) 100vw, 1600px\" \/>\t\t\t\t\t\t\t<\/a>\n\t\t\t\t\t<\/div>\n\t<\/div>\n\t<\/div>\n\t<\/div>\n\t\t<div class=\"swiper-button-prev\"><svg class=\"qodef-swiper-arrow-left\" xmlns=\"http:\/\/www.w3.org\/2000\/svg\" x=\"0px\" y=\"0px\" viewbox=\"0 0 34.2 32.3\" xml:space=\"preserve\" style=\"stroke-width: 2;\"><line x1=\"0.5\" y1=\"16\" x2=\"33.5\" y2=\"16\"\/><line x1=\"0.3\" y1=\"16.5\" x2=\"16.2\" y2=\"0.7\"\/><line x1=\"0\" y1=\"15.4\" x2=\"16.2\" y2=\"31.6\"\/><\/svg><\/div>\n\t<div class=\"swiper-button-next\"><svg class=\"qodef-swiper-arrow-right\" xmlns=\"http:\/\/www.w3.org\/2000\/svg\" x=\"0px\" y=\"0px\" viewbox=\"0 0 34.2 32.3\" xml:space=\"preserve\" style=\"stroke-width: 2;\"><line x1=\"0\" y1=\"16\" x2=\"33\" y2=\"16\"\/><line x1=\"17.3\" y1=\"0.7\" x2=\"33.2\" y2=\"16.5\"\/><line x1=\"17.3\" y1=\"31.6\" x2=\"33.5\" y2=\"15.4\"\/><\/svg><\/div>\n\t<div class=\"swiper-pagination\"><\/div>\n<\/div>\n\t\t\t\t<\/div>\n\t\t\t\t<\/div>\n\t\t\t\t\t<\/div>\n\t\t<\/div>\n\t\t\t\t\t<\/div>\n\t\t<\/section>\n\t\t\t\t<section class=\"elementor-section elementor-top-section elementor-element elementor-element-659ab251 elementor-hidden-desktop elementor-hidden-tablet elementor-hidden-mobile elementor-section-boxed elementor-section-height-default elementor-section-height-default wpr-particle-no wpr-jarallax-no wpr-parallax-no wpr-sticky-section-no qodef-elementor-content-no\" data-id=\"659ab251\" data-element_type=\"section\">\n\t\t\t\t\t\t<div class=\"elementor-container elementor-column-gap-default\">\n\t\t\t\t\t<div class=\"elementor-column elementor-col-100 elementor-top-column elementor-element elementor-element-5f22e918\" data-id=\"5f22e918\" data-element_type=\"column\">\n\t\t\t<div class=\"elementor-widget-wrap elementor-element-populated\">\n\t\t\t\t\t\t<div class=\"elementor-element elementor-element-42dcf17f elementor-widget elementor-widget-heading\" data-id=\"42dcf17f\" data-element_type=\"widget\" data-widget_type=\"heading.default\">\n\t\t\t\t<div class=\"elementor-widget-container\">\n\t\t\t\t\t<h2 class=\"elementor-heading-title elementor-size-default\">Otros proyectos<\/h2>\t\t\t\t<\/div>\n\t\t\t\t<\/div>\n\t\t\t\t<div class=\"elementor-element elementor-element-41cd2e42 elementor-widget-divider--view-line elementor-widget elementor-widget-divider\" data-id=\"41cd2e42\" data-element_type=\"widget\" data-widget_type=\"divider.default\">\n\t\t\t\t<div class=\"elementor-widget-container\">\n\t\t\t\t\t\t\t<div class=\"elementor-divider\">\n\t\t\t<span class=\"elementor-divider-separator\">\n\t\t\t\t\t\t<\/span>\n\t\t<\/div>\n\t\t\t\t\t\t<\/div>\n\t\t\t\t<\/div>\n\t\t\t\t\t<\/div>\n\t\t<\/div>\n\t\t\t\t\t<\/div>\n\t\t<\/section>\n\t\t\t\t<section class=\"elementor-section elementor-top-section elementor-element elementor-element-2269d1a7 elementor-hidden-desktop elementor-hidden-tablet elementor-hidden-mobile elementor-section-boxed elementor-section-height-default elementor-section-height-default wpr-particle-no wpr-jarallax-no wpr-parallax-no wpr-sticky-section-no qodef-elementor-content-no\" data-id=\"2269d1a7\" data-element_type=\"section\">\n\t\t\t\t\t\t<div class=\"elementor-container elementor-column-gap-default\">\n\t\t\t\t\t<div class=\"elementor-column elementor-col-100 elementor-top-column elementor-element elementor-element-690c71bf\" data-id=\"690c71bf\" data-element_type=\"column\">\n\t\t\t<div class=\"elementor-widget-wrap elementor-element-populated\">\n\t\t\t\t\t\t<div class=\"elementor-element elementor-element-455d1fe6 elementor-widget elementor-widget-elpug\" data-id=\"455d1fe6\" data-element_type=\"widget\" data-widget_type=\"elpug.default\">\n\t\t\t\t<div class=\"elementor-widget-container\">\n\t\t\t\t\t<input id=\"powerfolio_pagination_postsperpage\" type=\"hidden\" value=\"\" \/><div class=\"elpt-portfolio elpt_powerfolio_66246\"><div class=\"elpt-portfolio-content elpt-portfolio-content-isotope elpt-portfolio-style-box  simple elpt-portfolio-columns-3  elpt-portfolio-margin\"><div class=\"portfolio-item-wrapper 11961 post-10190 elemenfolio type-elemenfolio status-publish has-post-thumbnail hentry elemenfoliocategory-en-ejecucion elemenfoliocategory-proyectos-finalizados elemenfoliocategory-residencial\"><a href=\"https:\/\/www.urbamed.net\/en\/portfolio\/edificio-de-viviendas-en-avda-perez-galdos-31\/\" class=\"portfolio-item\" style=\"background-image: url(https:\/\/www.urbamed.net\/wp-content\/uploads\/2025\/02\/IMG_3139-scaled.jpg)\" title=\"EDIFICIO DE 16 VIVIENDAS EN AVDA. P\u00c9REZ GALD\u00d3S, 31\"><img decoding=\"async\" src=\"https:\/\/www.urbamed.net\/wp-content\/uploads\/2025\/02\/IMG_3139-scaled.jpg\" class=\"elpt-main-image\" title=\"EDIFICIO DE 16 VIVIENDAS EN AVDA. P\u00c9REZ GALD\u00d3S, 31\" alt=\"EDIFICIO DE 16 VIVIENDAS EN AVDA. P\u00c9REZ GALD\u00d3S, 31\" \/><div class=\"portfolio-item-infos-wrapper\" style=\"background-color:\"><div class=\"portfolio-item-infos\"><div class=\"portfolio-item-title\"><span class=\"portfolio-item-title-span\">EDIFICIO DE 16 VIVIENDAS EN AVDA. P\u00c9REZ GALD\u00d3S, 31<\/span><\/div><div class=\"portfolio-item-category\"><span class=\"elpt-portfolio-cat\">Finish projects<\/span><span class=\"elpt-portfolio-cat\">Residential<\/span><\/div><\/div><\/div><\/a><\/div><div class=\"portfolio-item-wrapper 12906 post-10190 elemenfolio type-elemenfolio status-publish has-post-thumbnail hentry elemenfoliocategory-en-ejecucion\"><a href=\"https:\/\/www.urbamed.net\/en\/portfolio\/urbamed-trabaja-en-las-obras-de-un-edificio-residencial-en-oliva\/\" class=\"portfolio-item\" style=\"background-image: url(https:\/\/www.urbamed.net\/wp-content\/uploads\/2025\/01\/Obras-Urbamed.png)\" title=\"EDIFICIO RESIDENCIAL DE SEIS VIVIENDAS CON APARCAMIENTO EN OLIVA\"><img decoding=\"async\" src=\"https:\/\/www.urbamed.net\/wp-content\/uploads\/2025\/01\/Obras-Urbamed.png\" class=\"elpt-main-image\" title=\"EDIFICIO RESIDENCIAL DE SEIS VIVIENDAS CON APARCAMIENTO EN OLIVA\" alt=\"EDIFICIO RESIDENCIAL DE SEIS VIVIENDAS CON APARCAMIENTO EN OLIVA\" \/><div class=\"portfolio-item-infos-wrapper\" style=\"background-color:\"><div class=\"portfolio-item-infos\"><div class=\"portfolio-item-title\"><span class=\"portfolio-item-title-span\">EDIFICIO RESIDENCIAL DE SEIS VIVIENDAS CON APARCAMIENTO EN OLIVA<\/span><\/div><div class=\"portfolio-item-category\"><span class=\"elpt-portfolio-cat\">ON EXECUTION<\/span><\/div><\/div><\/div><\/a><\/div><div class=\"portfolio-item-wrapper 12875 post-10190 elemenfolio type-elemenfolio status-publish has-post-thumbnail hentry elemenfoliocategory-en-ejecucion\"><a href=\"https:\/\/www.urbamed.net\/en\/portfolio\/urbamed-ejecutara-la-ampliacion-del-hotel-balneario-de-arino\/\" class=\"portfolio-item\" style=\"background-image: url(https:\/\/www.urbamed.net\/wp-content\/uploads\/2025\/01\/Obras-Urbamed.png)\" title=\"AMPLIACI\u00d3N DEL HOTEL BALNEARIO DE ARI\u00d1O, TERUEL\"><img decoding=\"async\" src=\"https:\/\/www.urbamed.net\/wp-content\/uploads\/2025\/01\/Obras-Urbamed.png\" class=\"elpt-main-image\" title=\"AMPLIACI\u00d3N DEL HOTEL BALNEARIO DE ARI\u00d1O, TERUEL\" alt=\"AMPLIACI\u00d3N DEL HOTEL BALNEARIO DE ARI\u00d1O, TERUEL\" \/><div class=\"portfolio-item-infos-wrapper\" style=\"background-color:\"><div class=\"portfolio-item-infos\"><div class=\"portfolio-item-title\"><span class=\"portfolio-item-title-span\">AMPLIACI\u00d3N DEL HOTEL BALNEARIO DE ARI\u00d1O, TERUEL<\/span><\/div><div class=\"portfolio-item-category\"><span class=\"elpt-portfolio-cat\">ON EXECUTION<\/span><\/div><\/div><\/div><\/a><\/div><\/div><\/div>\t\t\t\t<\/div>\n\t\t\t\t<\/div>\n\t\t\t\t\t<\/div>\n\t\t<\/div>\n\t\t\t\t\t<\/div>\n\t\t<\/section>\n\t\t\t\t<\/div>","protected":false},"featured_media":11549,"template":"elementor_header_footer","elemenfoliocategory":[127],"class_list":["post-10190","elemenfolio","type-elemenfolio","status-publish","has-post-thumbnail","hentry","elemenfoliocategory-en-ejecucion"],"yoast_head":"<!-- This site is optimized with the Yoast SEO plugin v24.8.1 - https:\/\/yoast.com\/wordpress\/plugins\/seo\/ -->\n<title>Nuevo centro de d\u00eda para mayores en el Barrio del Cabanyal<\/title>\n<meta name=\"description\" content=\"Urbamed ha empezado las obras de construcci\u00f3n de un nuevo centro de d\u00eda para mayores ubicado en el Barrio del Cabanyal.\" \/>\n<meta name=\"robots\" content=\"index, follow, max-snippet:-1, max-image-preview:large, max-video-preview:-1\" \/>\n<link rel=\"canonical\" href=\"https:\/\/www.urbamed.net\/en\/portfolio\/nuevo-centro-de-dia-para-mayores-en-el-barrio-del-cabanyal\/\" \/>\n<meta property=\"og:locale\" content=\"en_GB\" \/>\n<meta property=\"og:type\" content=\"article\" \/>\n<meta property=\"og:title\" content=\"Nuevo centro de d\u00eda para mayores en el Barrio del Cabanyal\" \/>\n<meta property=\"og:description\" content=\"Urbamed ha empezado las obras de construcci\u00f3n de un nuevo centro de d\u00eda para mayores ubicado en el Barrio del Cabanyal.\" \/>\n<meta property=\"og:url\" content=\"https:\/\/www.urbamed.net\/en\/portfolio\/nuevo-centro-de-dia-para-mayores-en-el-barrio-del-cabanyal\/\" \/>\n<meta property=\"og:site_name\" content=\"Urbamed\" \/>\n<meta property=\"article:modified_time\" content=\"2025-03-06T11:03:31+00:00\" \/>\n<meta property=\"og:image\" content=\"https:\/\/www.urbamed.net\/wp-content\/uploads\/2023\/07\/1-scaled.jpg\" \/>\n\t<meta property=\"og:image:width\" content=\"2560\" \/>\n\t<meta property=\"og:image:height\" content=\"1920\" \/>\n\t<meta property=\"og:image:type\" content=\"image\/jpeg\" \/>\n<meta name=\"twitter:card\" content=\"summary_large_image\" \/>\n<meta name=\"twitter:label1\" content=\"Estimated reading time\" \/>\n\t<meta name=\"twitter:data1\" content=\"7 minutes\" \/>\n<script type=\"application\/ld+json\" class=\"yoast-schema-graph\">{\"@context\":\"https:\/\/schema.org\",\"@graph\":[{\"@type\":\"WebPage\",\"@id\":\"https:\/\/www.urbamed.net\/portfolio\/nuevo-centro-de-dia-para-mayores-en-el-barrio-del-cabanyal\/\",\"url\":\"https:\/\/www.urbamed.net\/portfolio\/nuevo-centro-de-dia-para-mayores-en-el-barrio-del-cabanyal\/\",\"name\":\"Nuevo centro de d\u00eda para mayores en el Barrio del Cabanyal\",\"isPartOf\":{\"@id\":\"https:\/\/www.urbamed.net\/#website\"},\"primaryImageOfPage\":{\"@id\":\"https:\/\/www.urbamed.net\/portfolio\/nuevo-centro-de-dia-para-mayores-en-el-barrio-del-cabanyal\/#primaryimage\"},\"image\":{\"@id\":\"https:\/\/www.urbamed.net\/portfolio\/nuevo-centro-de-dia-para-mayores-en-el-barrio-del-cabanyal\/#primaryimage\"},\"thumbnailUrl\":\"https:\/\/www.urbamed.net\/wp-content\/uploads\/2023\/07\/1-scaled.jpg\",\"datePublished\":\"2023-05-19T12:09:42+00:00\",\"dateModified\":\"2025-03-06T11:03:31+00:00\",\"description\":\"Urbamed ha empezado las obras de construcci\u00f3n de un nuevo centro de d\u00eda para mayores ubicado en el Barrio del Cabanyal.\",\"breadcrumb\":{\"@id\":\"https:\/\/www.urbamed.net\/portfolio\/nuevo-centro-de-dia-para-mayores-en-el-barrio-del-cabanyal\/#breadcrumb\"},\"inLanguage\":\"en-GB\",\"potentialAction\":[{\"@type\":\"ReadAction\",\"target\":[\"https:\/\/www.urbamed.net\/portfolio\/nuevo-centro-de-dia-para-mayores-en-el-barrio-del-cabanyal\/\"]}]},{\"@type\":\"ImageObject\",\"inLanguage\":\"en-GB\",\"@id\":\"https:\/\/www.urbamed.net\/portfolio\/nuevo-centro-de-dia-para-mayores-en-el-barrio-del-cabanyal\/#primaryimage\",\"url\":\"https:\/\/www.urbamed.net\/wp-content\/uploads\/2023\/07\/1-scaled.jpg\",\"contentUrl\":\"https:\/\/www.urbamed.net\/wp-content\/uploads\/2023\/07\/1-scaled.jpg\",\"width\":2560,\"height\":1920,\"caption\":\"Centro de D\u00eda del Caba\u00f1al\"},{\"@type\":\"BreadcrumbList\",\"@id\":\"https:\/\/www.urbamed.net\/portfolio\/nuevo-centro-de-dia-para-mayores-en-el-barrio-del-cabanyal\/#breadcrumb\",\"itemListElement\":[{\"@type\":\"ListItem\",\"position\":1,\"name\":\"Portada\",\"item\":\"https:\/\/www.urbamed.net\/\"},{\"@type\":\"ListItem\",\"position\":2,\"name\":\"Nuevo centro de d\u00eda para mayores en el Barrio del Cabanyal\"}]},{\"@type\":\"WebSite\",\"@id\":\"https:\/\/www.urbamed.net\/#website\",\"url\":\"https:\/\/www.urbamed.net\/\",\"name\":\"Urbamed\",\"description\":\"Construcci\u00f3n\",\"publisher\":{\"@id\":\"https:\/\/www.urbamed.net\/#organization\"},\"potentialAction\":[{\"@type\":\"SearchAction\",\"target\":{\"@type\":\"EntryPoint\",\"urlTemplate\":\"https:\/\/www.urbamed.net\/?s={search_term_string}\"},\"query-input\":{\"@type\":\"PropertyValueSpecification\",\"valueRequired\":true,\"valueName\":\"search_term_string\"}}],\"inLanguage\":\"en-GB\"},{\"@type\":\"Organization\",\"@id\":\"https:\/\/www.urbamed.net\/#organization\",\"name\":\"Urbamed\",\"url\":\"https:\/\/www.urbamed.net\/\",\"logo\":{\"@type\":\"ImageObject\",\"inLanguage\":\"en-GB\",\"@id\":\"https:\/\/www.urbamed.net\/#\/schema\/logo\/image\/\",\"url\":\"https:\/\/www.urbamed.net\/wp-content\/uploads\/2025\/01\/logo-web-urbamed-black.png\",\"contentUrl\":\"https:\/\/www.urbamed.net\/wp-content\/uploads\/2025\/01\/logo-web-urbamed-black.png\",\"width\":700,\"height\":161,\"caption\":\"Urbamed\"},\"image\":{\"@id\":\"https:\/\/www.urbamed.net\/#\/schema\/logo\/image\/\"}}]}<\/script>\n<!-- \/ Yoast SEO plugin. -->","yoast_head_json":{"title":"Nuevo centro de d\u00eda para mayores en el Barrio del Cabanyal","description":"Urbamed ha empezado las obras de construcci\u00f3n de un nuevo centro de d\u00eda para mayores ubicado en el Barrio del Cabanyal.","robots":{"index":"index","follow":"follow","max-snippet":"max-snippet:-1","max-image-preview":"max-image-preview:large","max-video-preview":"max-video-preview:-1"},"canonical":"https:\/\/www.urbamed.net\/en\/portfolio\/nuevo-centro-de-dia-para-mayores-en-el-barrio-del-cabanyal\/","og_locale":"en_GB","og_type":"article","og_title":"Nuevo centro de d\u00eda para mayores en el Barrio del Cabanyal","og_description":"Urbamed ha empezado las obras de construcci\u00f3n de un nuevo centro de d\u00eda para mayores ubicado en el Barrio del Cabanyal.","og_url":"https:\/\/www.urbamed.net\/en\/portfolio\/nuevo-centro-de-dia-para-mayores-en-el-barrio-del-cabanyal\/","og_site_name":"Urbamed","article_modified_time":"2025-03-06T11:03:31+00:00","og_image":[{"width":2560,"height":1920,"url":"https:\/\/www.urbamed.net\/wp-content\/uploads\/2023\/07\/1-scaled.jpg","type":"image\/jpeg"}],"twitter_card":"summary_large_image","twitter_misc":{"Estimated reading time":"7 minutes"},"schema":{"@context":"https:\/\/schema.org","@graph":[{"@type":"WebPage","@id":"https:\/\/www.urbamed.net\/portfolio\/nuevo-centro-de-dia-para-mayores-en-el-barrio-del-cabanyal\/","url":"https:\/\/www.urbamed.net\/portfolio\/nuevo-centro-de-dia-para-mayores-en-el-barrio-del-cabanyal\/","name":"Nuevo centro de d\u00eda para mayores en el Barrio del Cabanyal","isPartOf":{"@id":"https:\/\/www.urbamed.net\/#website"},"primaryImageOfPage":{"@id":"https:\/\/www.urbamed.net\/portfolio\/nuevo-centro-de-dia-para-mayores-en-el-barrio-del-cabanyal\/#primaryimage"},"image":{"@id":"https:\/\/www.urbamed.net\/portfolio\/nuevo-centro-de-dia-para-mayores-en-el-barrio-del-cabanyal\/#primaryimage"},"thumbnailUrl":"https:\/\/www.urbamed.net\/wp-content\/uploads\/2023\/07\/1-scaled.jpg","datePublished":"2023-05-19T12:09:42+00:00","dateModified":"2025-03-06T11:03:31+00:00","description":"Urbamed ha empezado las obras de construcci\u00f3n de un nuevo centro de d\u00eda para mayores ubicado en el Barrio del Cabanyal.","breadcrumb":{"@id":"https:\/\/www.urbamed.net\/portfolio\/nuevo-centro-de-dia-para-mayores-en-el-barrio-del-cabanyal\/#breadcrumb"},"inLanguage":"en-GB","potentialAction":[{"@type":"ReadAction","target":["https:\/\/www.urbamed.net\/portfolio\/nuevo-centro-de-dia-para-mayores-en-el-barrio-del-cabanyal\/"]}]},{"@type":"ImageObject","inLanguage":"en-GB","@id":"https:\/\/www.urbamed.net\/portfolio\/nuevo-centro-de-dia-para-mayores-en-el-barrio-del-cabanyal\/#primaryimage","url":"https:\/\/www.urbamed.net\/wp-content\/uploads\/2023\/07\/1-scaled.jpg","contentUrl":"https:\/\/www.urbamed.net\/wp-content\/uploads\/2023\/07\/1-scaled.jpg","width":2560,"height":1920,"caption":"Centro de D\u00eda del Caba\u00f1al"},{"@type":"BreadcrumbList","@id":"https:\/\/www.urbamed.net\/portfolio\/nuevo-centro-de-dia-para-mayores-en-el-barrio-del-cabanyal\/#breadcrumb","itemListElement":[{"@type":"ListItem","position":1,"name":"Portada","item":"https:\/\/www.urbamed.net\/"},{"@type":"ListItem","position":2,"name":"Nuevo centro de d\u00eda para mayores en el Barrio del Cabanyal"}]},{"@type":"WebSite","@id":"https:\/\/www.urbamed.net\/#website","url":"https:\/\/www.urbamed.net\/","name":"Urbamed.","description":"Construcci\u00f3n","publisher":{"@id":"https:\/\/www.urbamed.net\/#organization"},"potentialAction":[{"@type":"SearchAction","target":{"@type":"EntryPoint","urlTemplate":"https:\/\/www.urbamed.net\/?s={search_term_string}"},"query-input":{"@type":"PropertyValueSpecification","valueRequired":true,"valueName":"search_term_string"}}],"inLanguage":"en-GB"},{"@type":"Organization","@id":"https:\/\/www.urbamed.net\/#organization","name":"Urbamed.","url":"https:\/\/www.urbamed.net\/","logo":{"@type":"ImageObject","inLanguage":"en-GB","@id":"https:\/\/www.urbamed.net\/#\/schema\/logo\/image\/","url":"https:\/\/www.urbamed.net\/wp-content\/uploads\/2025\/01\/logo-web-urbamed-black.png","contentUrl":"https:\/\/www.urbamed.net\/wp-content\/uploads\/2025\/01\/logo-web-urbamed-black.png","width":700,"height":161,"caption":"Urbamed"},"image":{"@id":"https:\/\/www.urbamed.net\/#\/schema\/logo\/image\/"}}]}},"uagb_featured_image_src":{"full":["https:\/\/www.urbamed.net\/wp-content\/uploads\/2023\/07\/1-scaled.jpg",2560,1920,false],"thumbnail":["https:\/\/www.urbamed.net\/wp-content\/uploads\/2023\/07\/1-150x150.jpg",150,150,true],"medium":["https:\/\/www.urbamed.net\/wp-content\/uploads\/2023\/07\/1-300x225.jpg",300,225,true],"medium_large":["https:\/\/www.urbamed.net\/wp-content\/uploads\/2023\/07\/1-768x576.jpg",768,576,true],"large":["https:\/\/www.urbamed.net\/wp-content\/uploads\/2023\/07\/1-1024x768.jpg",1024,768,true],"1536x1536":["https:\/\/www.urbamed.net\/wp-content\/uploads\/2023\/07\/1-1536x1152.jpg",1536,1152,true],"2048x2048":["https:\/\/www.urbamed.net\/wp-content\/uploads\/2023\/07\/1-2048x1536.jpg",2048,1536,true],"trp-custom-language-flag":["https:\/\/www.urbamed.net\/wp-content\/uploads\/2023\/07\/1-scaled.jpg",16,12,false],"qi_addons_for_elementor_image_size_square":["https:\/\/www.urbamed.net\/wp-content\/uploads\/2023\/07\/1-650x650.jpg",650,650,true],"qi_addons_for_elementor_image_size_landscape":["https:\/\/www.urbamed.net\/wp-content\/uploads\/2023\/07\/1-1300x650.jpg",1300,650,true],"qi_addons_for_elementor_image_size_portrait":["https:\/\/www.urbamed.net\/wp-content\/uploads\/2023\/07\/1-650x1300.jpg",650,1300,true],"qi_addons_for_elementor_image_size_huge-square":["https:\/\/www.urbamed.net\/wp-content\/uploads\/2023\/07\/1-1300x1300.jpg",1300,1300,true],"qode_essential_addons_image_size_square":["https:\/\/www.urbamed.net\/wp-content\/uploads\/2023\/07\/1-650x650.jpg",650,650,true],"qode_essential_addons_image_size_landscape":["https:\/\/www.urbamed.net\/wp-content\/uploads\/2023\/07\/1-1300x650.jpg",1300,650,true],"qode_essential_addons_image_size_portrait":["https:\/\/www.urbamed.net\/wp-content\/uploads\/2023\/07\/1-650x1300.jpg",650,1300,true],"qode_essential_addons_image_size_huge-square":["https:\/\/www.urbamed.net\/wp-content\/uploads\/2023\/07\/1-1300x1300.jpg",1300,1300,true],"brok_core_image_size_square":["https:\/\/www.urbamed.net\/wp-content\/uploads\/2023\/07\/1-650x650.jpg",650,650,true],"brok_core_image_size_landscape":["https:\/\/www.urbamed.net\/wp-content\/uploads\/2023\/07\/1-1300x650.jpg",1300,650,true],"brok_core_image_size_portrait":["https:\/\/www.urbamed.net\/wp-content\/uploads\/2023\/07\/1-650x1300.jpg",650,1300,true],"brok_core_image_size_huge-square":["https:\/\/www.urbamed.net\/wp-content\/uploads\/2023\/07\/1-1300x1300.jpg",1300,1300,true]},"uagb_author_info":{"display_name":"Admin","author_link":"https:\/\/www.urbamed.net\/en\/author\/"},"uagb_comment_info":0,"uagb_excerpt":"Nuevo centro de d\u00eda para mayores en el Barrio del Cabanyal Descripci\u00f3n El nuevo Centro de d\u00eda para mayores\u00a0 se ubicar\u00e1 junto a la estaci\u00f3n y a la futura zona verde del barrio y tendr\u00e1 una capacidad de 60 plazas y 1.062 de metros cuadrados. Contar\u00e1 con dos alturas y cuatro \u00e1reas diferentes: acceso y&hellip;","_links":{"self":[{"href":"https:\/\/www.urbamed.net\/en\/wp-json\/wp\/v2\/elemenfolio\/10190","targetHints":{"allow":["GET"]}}],"collection":[{"href":"https:\/\/www.urbamed.net\/en\/wp-json\/wp\/v2\/elemenfolio"}],"about":[{"href":"https:\/\/www.urbamed.net\/en\/wp-json\/wp\/v2\/types\/elemenfolio"}],"version-history":[{"count":49,"href":"https:\/\/www.urbamed.net\/en\/wp-json\/wp\/v2\/elemenfolio\/10190\/revisions"}],"predecessor-version":[{"id":13118,"href":"https:\/\/www.urbamed.net\/en\/wp-json\/wp\/v2\/elemenfolio\/10190\/revisions\/13118"}],"wp:featuredmedia":[{"embeddable":true,"href":"https:\/\/www.urbamed.net\/en\/wp-json\/wp\/v2\/media\/11549"}],"wp:attachment":[{"href":"https:\/\/www.urbamed.net\/en\/wp-json\/wp\/v2\/media?parent=10190"}],"wp:term":[{"taxonomy":"elemenfoliocategory","embeddable":true,"href":"https:\/\/www.urbamed.net\/en\/wp-json\/wp\/v2\/elemenfoliocategory?post=10190"}],"curies":[{"name":"wp","href":"https:\/\/api.w.org\/{rel}","templated":true}]}}